{"id":6494,"date":"2025-09-17T12:26:02","date_gmt":"2025-09-17T10:26:02","guid":{"rendered":"https:\/\/www.dinardfestivaldufilm.fr\/?page_id=6494"},"modified":"2025-10-09T15:41:12","modified_gmt":"2025-10-09T13:41:12","slug":"english-workshops","status":"publish","type":"page","link":"https:\/\/www.dinardfestivaldufilm.fr\/en\/english-workshops\/","title":{"rendered":"Workshops"},"content":{"rendered":"<p style=\"font-size:50px\"><strong>STOP MOTION<\/strong><\/p>\n\n\n\n<p style=\"font-size:25px\"><em>by H\u00e9lo\u00efse Ferlay<\/em><\/p>\n\n\n\n<figure class=\"wp-block-image size-large is-resized\"><img loading=\"lazy\" decoding=\"async\" width=\"1024\" height=\"332\" src=\"https:\/\/www.dinardfestivaldufilm.fr\/wp-content\/uploads\/2025\/09\/logo-vl-noir-1024x332.jpg\" alt=\"\" class=\"wp-image-6491\" style=\"width:124px;height:auto\" srcset=\"https:\/\/www.dinardfestivaldufilm.fr\/wp-content\/uploads\/2025\/09\/logo-vl-noir-1024x332.jpg 1024w, https:\/\/www.dinardfestivaldufilm.fr\/wp-content\/uploads\/2025\/09\/logo-vl-noir-300x97.jpg 300w, https:\/\/www.dinardfestivaldufilm.fr\/wp-content\/uploads\/2025\/09\/logo-vl-noir-768x249.jpg 768w, https:\/\/www.dinardfestivaldufilm.fr\/wp-content\/uploads\/2025\/09\/logo-vl-noir-1900x616.jpg 1900w\" sizes=\"auto, (max-width: 1024px) 100vw, 1024px\" \/><\/figure>\n\n\n\n<p style=\"font-size:20px\">The technique of stopmotion, or volume animation, consists of briging movement to real, yet inanimated objects. Although simple in principle, this method of film-making continues to fascinate audiences, as objects that come to life always seem a little magical.<\/p>\n\n\n\n<p style=\"font-size:20px\">H\u00e9lo\u00efse Ferlay, a director from Rennes, invites you yo discover the secrets behind this unique pictorial technique, which defies the law of gravity but is incredibly difficult to execute. This event will combine lectures, screenings, demonstrations and discussions, as well as offering the most curious members of the audience the chance to try it for themsleves. <\/p>\n\n\n\n<p style=\"font-size:20px\">H\u00e9lo\u00efse Ferlay studied animated film at ENSAD, where she made her multi-award-winning film <em>A la mer poussi\u00e8re<\/em>. She is also the creator of <em>Les filles du vent<\/em>. She works in Rennes at Vivement Lundi! as a set designer on films such as <em>Sauvages <\/em>by Claude Barras.<\/p>\n\n\n<div class=\"wp-block-image\">\n<figure class=\"aligncenter size-large is-resized\"><img loading=\"lazy\" decoding=\"async\" width=\"1024\" height=\"576\" src=\"https:\/\/www.dinardfestivaldufilm.fr\/wp-content\/uploads\/2025\/09\/test_00125-1-1024x576.jpg\" alt=\"\" class=\"wp-image-6490\" style=\"width:618px;height:auto\" srcset=\"https:\/\/www.dinardfestivaldufilm.fr\/wp-content\/uploads\/2025\/09\/test_00125-1-1024x576.jpg 1024w, https:\/\/www.dinardfestivaldufilm.fr\/wp-content\/uploads\/2025\/09\/test_00125-1-300x169.jpg 300w, https:\/\/www.dinardfestivaldufilm.fr\/wp-content\/uploads\/2025\/09\/test_00125-1-768x432.jpg 768w, https:\/\/www.dinardfestivaldufilm.fr\/wp-content\/uploads\/2025\/09\/test_00125-1-1900x1069.jpg 1900w\" sizes=\"auto, (max-width: 1024px) 100vw, 1024px\" \/><\/figure>\n<\/div>\n\n\n<p class=\"has-text-align-center\" style=\"font-size:20px\"><\/p>\n\n\n\n<figure class=\"wp-block-gallery has-nested-images columns-default is-cropped wp-block-gallery-1 is-layout-flex wp-block-gallery-is-layout-flex\">\n<figure class=\"wp-block-image size-large\"><img loading=\"lazy\" decoding=\"async\" width=\"683\" height=\"1024\" data-id=\"6744\" src=\"https:\/\/www.dinardfestivaldufilm.fr\/wp-content\/uploads\/2025\/10\/DSC_5455\u00a9Ambre-Clement-1-683x1024.jpg\" alt=\"\" class=\"wp-image-6744\" srcset=\"https:\/\/www.dinardfestivaldufilm.fr\/wp-content\/uploads\/2025\/10\/DSC_5455\u00a9Ambre-Clement-1-683x1024.jpg 683w, https:\/\/www.dinardfestivaldufilm.fr\/wp-content\/uploads\/2025\/10\/DSC_5455\u00a9Ambre-Clement-1-200x300.jpg 200w, https:\/\/www.dinardfestivaldufilm.fr\/wp-content\/uploads\/2025\/10\/DSC_5455\u00a9Ambre-Clement-1-768x1152.jpg 768w, https:\/\/www.dinardfestivaldufilm.fr\/wp-content\/uploads\/2025\/10\/DSC_5455\u00a9Ambre-Clement-1-150x225.jpg 150w, https:\/\/www.dinardfestivaldufilm.fr\/wp-content\/uploads\/2025\/10\/DSC_5455\u00a9Ambre-Clement-1-798x1197.jpg 798w, https:\/\/www.dinardfestivaldufilm.fr\/wp-content\/uploads\/2025\/10\/DSC_5455\u00a9Ambre-Clement-1.jpg 1024w\" sizes=\"auto, (max-width: 683px) 100vw, 683px\" \/><\/figure>\n\n\n\n<figure class=\"wp-block-image size-large\"><img loading=\"lazy\" decoding=\"async\" width=\"1024\" height=\"683\" data-id=\"6743\" src=\"https:\/\/www.dinardfestivaldufilm.fr\/wp-content\/uploads\/2025\/10\/DSC_5457\u00a9Ambre-Clement-1.jpg\" alt=\"\" class=\"wp-image-6743\" srcset=\"https:\/\/www.dinardfestivaldufilm.fr\/wp-content\/uploads\/2025\/10\/DSC_5457\u00a9Ambre-Clement-1.jpg 1024w, https:\/\/www.dinardfestivaldufilm.fr\/wp-content\/uploads\/2025\/10\/DSC_5457\u00a9Ambre-Clement-1-300x200.jpg 300w, https:\/\/www.dinardfestivaldufilm.fr\/wp-content\/uploads\/2025\/10\/DSC_5457\u00a9Ambre-Clement-1-768x512.jpg 768w, https:\/\/www.dinardfestivaldufilm.fr\/wp-content\/uploads\/2025\/10\/DSC_5457\u00a9Ambre-Clement-1-150x100.jpg 150w, https:\/\/www.dinardfestivaldufilm.fr\/wp-content\/uploads\/2025\/10\/DSC_5457\u00a9Ambre-Clement-1-798x532.jpg 798w\" sizes=\"auto, (max-width: 1024px) 100vw, 1024px\" \/><\/figure>\n\n\n\n<figure class=\"wp-block-image size-large\"><img loading=\"lazy\" decoding=\"async\" width=\"683\" height=\"1024\" data-id=\"6742\" src=\"https:\/\/www.dinardfestivaldufilm.fr\/wp-content\/uploads\/2025\/10\/DSC_5450\u00a9Ambre-Clement-1-683x1024.jpg\" alt=\"\" class=\"wp-image-6742\" srcset=\"https:\/\/www.dinardfestivaldufilm.fr\/wp-content\/uploads\/2025\/10\/DSC_5450\u00a9Ambre-Clement-1-683x1024.jpg 683w, https:\/\/www.dinardfestivaldufilm.fr\/wp-content\/uploads\/2025\/10\/DSC_5450\u00a9Ambre-Clement-1-200x300.jpg 200w, https:\/\/www.dinardfestivaldufilm.fr\/wp-content\/uploads\/2025\/10\/DSC_5450\u00a9Ambre-Clement-1-768x1152.jpg 768w, https:\/\/www.dinardfestivaldufilm.fr\/wp-content\/uploads\/2025\/10\/DSC_5450\u00a9Ambre-Clement-1-150x225.jpg 150w, https:\/\/www.dinardfestivaldufilm.fr\/wp-content\/uploads\/2025\/10\/DSC_5450\u00a9Ambre-Clement-1-798x1197.jpg 798w, https:\/\/www.dinardfestivaldufilm.fr\/wp-content\/uploads\/2025\/10\/DSC_5450\u00a9Ambre-Clement-1.jpg 1024w\" sizes=\"auto, (max-width: 683px) 100vw, 683px\" \/><\/figure>\n<figcaption class=\"blocks-gallery-caption wp-element-caption\"><strong>\u00a9<\/strong>Ambre Cl\u00e9ment<\/figcaption><\/figure>\n\n\n\n<figure class=\"wp-block-gallery has-nested-images columns-default is-cropped wp-block-gallery-2 is-layout-flex wp-block-gallery-is-layout-flex\">\n<figure class=\"wp-block-image size-large\"><img loading=\"lazy\" decoding=\"async\" width=\"1024\" height=\"683\" data-id=\"6745\" src=\"https:\/\/www.dinardfestivaldufilm.fr\/wp-content\/uploads\/2025\/10\/Samedi-4-oct.-Atelier-Stop-motion-9\u00a9Jean-Enders-1-1024x683.jpg\" alt=\"\" class=\"wp-image-6745\" srcset=\"https:\/\/www.dinardfestivaldufilm.fr\/wp-content\/uploads\/2025\/10\/Samedi-4-oct.-Atelier-Stop-motion-9\u00a9Jean-Enders-1-1024x683.jpg 1024w, https:\/\/www.dinardfestivaldufilm.fr\/wp-content\/uploads\/2025\/10\/Samedi-4-oct.-Atelier-Stop-motion-9\u00a9Jean-Enders-1-300x200.jpg 300w, https:\/\/www.dinardfestivaldufilm.fr\/wp-content\/uploads\/2025\/10\/Samedi-4-oct.-Atelier-Stop-motion-9\u00a9Jean-Enders-1-768x512.jpg 768w, https:\/\/www.dinardfestivaldufilm.fr\/wp-content\/uploads\/2025\/10\/Samedi-4-oct.-Atelier-Stop-motion-9\u00a9Jean-Enders-1-1536x1024.jpg 1536w, https:\/\/www.dinardfestivaldufilm.fr\/wp-content\/uploads\/2025\/10\/Samedi-4-oct.-Atelier-Stop-motion-9\u00a9Jean-Enders-1-2048x1365.jpg 2048w, https:\/\/www.dinardfestivaldufilm.fr\/wp-content\/uploads\/2025\/10\/Samedi-4-oct.-Atelier-Stop-motion-9\u00a9Jean-Enders-1-150x100.jpg 150w, https:\/\/www.dinardfestivaldufilm.fr\/wp-content\/uploads\/2025\/10\/Samedi-4-oct.-Atelier-Stop-motion-9\u00a9Jean-Enders-1-1900x1267.jpg 1900w, https:\/\/www.dinardfestivaldufilm.fr\/wp-content\/uploads\/2025\/10\/Samedi-4-oct.-Atelier-Stop-motion-9\u00a9Jean-Enders-1-1960x1307.jpg 1960w, https:\/\/www.dinardfestivaldufilm.fr\/wp-content\/uploads\/2025\/10\/Samedi-4-oct.-Atelier-Stop-motion-9\u00a9Jean-Enders-1-1400x933.jpg 1400w, https:\/\/www.dinardfestivaldufilm.fr\/wp-content\/uploads\/2025\/10\/Samedi-4-oct.-Atelier-Stop-motion-9\u00a9Jean-Enders-1-798x532.jpg 798w, https:\/\/www.dinardfestivaldufilm.fr\/wp-content\/uploads\/2025\/10\/Samedi-4-oct.-Atelier-Stop-motion-9\u00a9Jean-Enders-1-1596x1064.jpg 1596w\" sizes=\"auto, (max-width: 1024px) 100vw, 1024px\" \/><\/figure>\n\n\n\n<figure class=\"wp-block-image size-large\"><img loading=\"lazy\" decoding=\"async\" width=\"1024\" height=\"683\" data-id=\"6746\" src=\"https:\/\/www.dinardfestivaldufilm.fr\/wp-content\/uploads\/2025\/10\/Samedi-4-oct.-Atelier-Stop-motion-3\u00a9Jean-Enders-1-1024x683.jpg\" alt=\"\" class=\"wp-image-6746\" srcset=\"https:\/\/www.dinardfestivaldufilm.fr\/wp-content\/uploads\/2025\/10\/Samedi-4-oct.-Atelier-Stop-motion-3\u00a9Jean-Enders-1-1024x683.jpg 1024w, https:\/\/www.dinardfestivaldufilm.fr\/wp-content\/uploads\/2025\/10\/Samedi-4-oct.-Atelier-Stop-motion-3\u00a9Jean-Enders-1-300x200.jpg 300w, https:\/\/www.dinardfestivaldufilm.fr\/wp-content\/uploads\/2025\/10\/Samedi-4-oct.-Atelier-Stop-motion-3\u00a9Jean-Enders-1-768x512.jpg 768w, https:\/\/www.dinardfestivaldufilm.fr\/wp-content\/uploads\/2025\/10\/Samedi-4-oct.-Atelier-Stop-motion-3\u00a9Jean-Enders-1-1536x1024.jpg 1536w, https:\/\/www.dinardfestivaldufilm.fr\/wp-content\/uploads\/2025\/10\/Samedi-4-oct.-Atelier-Stop-motion-3\u00a9Jean-Enders-1-2048x1365.jpg 2048w, https:\/\/www.dinardfestivaldufilm.fr\/wp-content\/uploads\/2025\/10\/Samedi-4-oct.-Atelier-Stop-motion-3\u00a9Jean-Enders-1-150x100.jpg 150w, https:\/\/www.dinardfestivaldufilm.fr\/wp-content\/uploads\/2025\/10\/Samedi-4-oct.-Atelier-Stop-motion-3\u00a9Jean-Enders-1-1900x1267.jpg 1900w, https:\/\/www.dinardfestivaldufilm.fr\/wp-content\/uploads\/2025\/10\/Samedi-4-oct.-Atelier-Stop-motion-3\u00a9Jean-Enders-1-1960x1307.jpg 1960w, https:\/\/www.dinardfestivaldufilm.fr\/wp-content\/uploads\/2025\/10\/Samedi-4-oct.-Atelier-Stop-motion-3\u00a9Jean-Enders-1-1400x933.jpg 1400w, https:\/\/www.dinardfestivaldufilm.fr\/wp-content\/uploads\/2025\/10\/Samedi-4-oct.-Atelier-Stop-motion-3\u00a9Jean-Enders-1-798x532.jpg 798w, https:\/\/www.dinardfestivaldufilm.fr\/wp-content\/uploads\/2025\/10\/Samedi-4-oct.-Atelier-Stop-motion-3\u00a9Jean-Enders-1-1596x1064.jpg 1596w\" sizes=\"auto, (max-width: 1024px) 100vw, 1024px\" \/><\/figure>\n\n\n\n<figure class=\"wp-block-image size-large\"><img loading=\"lazy\" decoding=\"async\" width=\"1024\" height=\"683\" data-id=\"6747\" src=\"https:\/\/www.dinardfestivaldufilm.fr\/wp-content\/uploads\/2025\/10\/Samedi-4-oct.-Atelier-Stop-motion-5\u00a9Jean-Enders-1-1024x683.jpg\" alt=\"\" class=\"wp-image-6747\" srcset=\"https:\/\/www.dinardfestivaldufilm.fr\/wp-content\/uploads\/2025\/10\/Samedi-4-oct.-Atelier-Stop-motion-5\u00a9Jean-Enders-1-1024x683.jpg 1024w, https:\/\/www.dinardfestivaldufilm.fr\/wp-content\/uploads\/2025\/10\/Samedi-4-oct.-Atelier-Stop-motion-5\u00a9Jean-Enders-1-300x200.jpg 300w, https:\/\/www.dinardfestivaldufilm.fr\/wp-content\/uploads\/2025\/10\/Samedi-4-oct.-Atelier-Stop-motion-5\u00a9Jean-Enders-1-768x512.jpg 768w, https:\/\/www.dinardfestivaldufilm.fr\/wp-content\/uploads\/2025\/10\/Samedi-4-oct.-Atelier-Stop-motion-5\u00a9Jean-Enders-1-1536x1024.jpg 1536w, https:\/\/www.dinardfestivaldufilm.fr\/wp-content\/uploads\/2025\/10\/Samedi-4-oct.-Atelier-Stop-motion-5\u00a9Jean-Enders-1-2048x1365.jpg 2048w, https:\/\/www.dinardfestivaldufilm.fr\/wp-content\/uploads\/2025\/10\/Samedi-4-oct.-Atelier-Stop-motion-5\u00a9Jean-Enders-1-150x100.jpg 150w, https:\/\/www.dinardfestivaldufilm.fr\/wp-content\/uploads\/2025\/10\/Samedi-4-oct.-Atelier-Stop-motion-5\u00a9Jean-Enders-1-1900x1267.jpg 1900w, https:\/\/www.dinardfestivaldufilm.fr\/wp-content\/uploads\/2025\/10\/Samedi-4-oct.-Atelier-Stop-motion-5\u00a9Jean-Enders-1-1960x1307.jpg 1960w, https:\/\/www.dinardfestivaldufilm.fr\/wp-content\/uploads\/2025\/10\/Samedi-4-oct.-Atelier-Stop-motion-5\u00a9Jean-Enders-1-1400x933.jpg 1400w, https:\/\/www.dinardfestivaldufilm.fr\/wp-content\/uploads\/2025\/10\/Samedi-4-oct.-Atelier-Stop-motion-5\u00a9Jean-Enders-1-798x532.jpg 798w, https:\/\/www.dinardfestivaldufilm.fr\/wp-content\/uploads\/2025\/10\/Samedi-4-oct.-Atelier-Stop-motion-5\u00a9Jean-Enders-1-1596x1064.jpg 1596w\" sizes=\"auto, (max-width: 1024px) 100vw, 1024px\" \/><\/figure>\n<figcaption class=\"blocks-gallery-caption wp-element-caption\"><strong>\u00a9<\/strong>Jean Enders<\/figcaption><\/figure>\n\n\n\n<p><\/p>\n\n\n\n<p style=\"font-size:50px\"><strong>BLIND TEST<\/strong><\/p>\n\n\n\n<p style=\"font-size:20px\"><em>in partnership with INA<\/em><\/p>\n\n\n\n<figure class=\"wp-block-image size-full is-resized\"><img loading=\"lazy\" decoding=\"async\" width=\"173\" height=\"173\" src=\"https:\/\/www.dinardfestivaldufilm.fr\/wp-content\/uploads\/2024\/09\/logo-ina-2-edited-1.jpg\" alt=\"\" class=\"wp-image-5638\" style=\"width:101px;height:auto\" srcset=\"https:\/\/www.dinardfestivaldufilm.fr\/wp-content\/uploads\/2024\/09\/logo-ina-2-edited-1.jpg 173w, https:\/\/www.dinardfestivaldufilm.fr\/wp-content\/uploads\/2024\/09\/logo-ina-2-edited-1-150x150.jpg 150w\" sizes=\"auto, (max-width: 173px) 100vw, 173px\" \/><\/figure>\n\n\n\n<p style=\"font-size:20px\">On Saturday, 4 October at 3 p.m. at the Palais des Arts et du Festival&#8217;s bar, INA was offering a film music blind test!<\/p>\n\n\n\n<p><\/p>\n\n\n\n<figure class=\"wp-block-gallery has-nested-images columns-default is-cropped wp-block-gallery-3 is-layout-flex wp-block-gallery-is-layout-flex\">\n<figure class=\"wp-block-image size-large\"><img loading=\"lazy\" decoding=\"async\" width=\"1024\" height=\"849\" data-id=\"6748\" src=\"https:\/\/www.dinardfestivaldufilm.fr\/wp-content\/uploads\/2025\/10\/ENT-25-DINARD-20251004-BlindTestINA-MickaelChavet-3872-1-1024x849.jpg\" alt=\"\" class=\"wp-image-6748\" srcset=\"https:\/\/www.dinardfestivaldufilm.fr\/wp-content\/uploads\/2025\/10\/ENT-25-DINARD-20251004-BlindTestINA-MickaelChavet-3872-1-1024x849.jpg 1024w, https:\/\/www.dinardfestivaldufilm.fr\/wp-content\/uploads\/2025\/10\/ENT-25-DINARD-20251004-BlindTestINA-MickaelChavet-3872-1-300x249.jpg 300w, https:\/\/www.dinardfestivaldufilm.fr\/wp-content\/uploads\/2025\/10\/ENT-25-DINARD-20251004-BlindTestINA-MickaelChavet-3872-1-768x637.jpg 768w, https:\/\/www.dinardfestivaldufilm.fr\/wp-content\/uploads\/2025\/10\/ENT-25-DINARD-20251004-BlindTestINA-MickaelChavet-3872-1-1536x1274.jpg 1536w, https:\/\/www.dinardfestivaldufilm.fr\/wp-content\/uploads\/2025\/10\/ENT-25-DINARD-20251004-BlindTestINA-MickaelChavet-3872-1-2048x1698.jpg 2048w, https:\/\/www.dinardfestivaldufilm.fr\/wp-content\/uploads\/2025\/10\/ENT-25-DINARD-20251004-BlindTestINA-MickaelChavet-3872-1-150x124.jpg 150w, https:\/\/www.dinardfestivaldufilm.fr\/wp-content\/uploads\/2025\/10\/ENT-25-DINARD-20251004-BlindTestINA-MickaelChavet-3872-1-1900x1576.jpg 1900w, https:\/\/www.dinardfestivaldufilm.fr\/wp-content\/uploads\/2025\/10\/ENT-25-DINARD-20251004-BlindTestINA-MickaelChavet-3872-1-1960x1625.jpg 1960w, https:\/\/www.dinardfestivaldufilm.fr\/wp-content\/uploads\/2025\/10\/ENT-25-DINARD-20251004-BlindTestINA-MickaelChavet-3872-1-1400x1161.jpg 1400w, https:\/\/www.dinardfestivaldufilm.fr\/wp-content\/uploads\/2025\/10\/ENT-25-DINARD-20251004-BlindTestINA-MickaelChavet-3872-1-798x662.jpg 798w, https:\/\/www.dinardfestivaldufilm.fr\/wp-content\/uploads\/2025\/10\/ENT-25-DINARD-20251004-BlindTestINA-MickaelChavet-3872-1-1596x1323.jpg 1596w\" sizes=\"auto, (max-width: 1024px) 100vw, 1024px\" \/><\/figure>\n\n\n\n<figure class=\"wp-block-image size-large\"><img loading=\"lazy\" decoding=\"async\" width=\"1024\" height=\"683\" data-id=\"6749\" src=\"https:\/\/www.dinardfestivaldufilm.fr\/wp-content\/uploads\/2025\/10\/ENT-25-DINARD-20251004-BlindTestINA-MickaelChavet-3891-1-1024x683.jpg\" alt=\"\" class=\"wp-image-6749\" srcset=\"https:\/\/www.dinardfestivaldufilm.fr\/wp-content\/uploads\/2025\/10\/ENT-25-DINARD-20251004-BlindTestINA-MickaelChavet-3891-1-1024x683.jpg 1024w, https:\/\/www.dinardfestivaldufilm.fr\/wp-content\/uploads\/2025\/10\/ENT-25-DINARD-20251004-BlindTestINA-MickaelChavet-3891-1-300x200.jpg 300w, https:\/\/www.dinardfestivaldufilm.fr\/wp-content\/uploads\/2025\/10\/ENT-25-DINARD-20251004-BlindTestINA-MickaelChavet-3891-1-768x512.jpg 768w, https:\/\/www.dinardfestivaldufilm.fr\/wp-content\/uploads\/2025\/10\/ENT-25-DINARD-20251004-BlindTestINA-MickaelChavet-3891-1-1536x1024.jpg 1536w, https:\/\/www.dinardfestivaldufilm.fr\/wp-content\/uploads\/2025\/10\/ENT-25-DINARD-20251004-BlindTestINA-MickaelChavet-3891-1-2048x1365.jpg 2048w, https:\/\/www.dinardfestivaldufilm.fr\/wp-content\/uploads\/2025\/10\/ENT-25-DINARD-20251004-BlindTestINA-MickaelChavet-3891-1-150x100.jpg 150w, https:\/\/www.dinardfestivaldufilm.fr\/wp-content\/uploads\/2025\/10\/ENT-25-DINARD-20251004-BlindTestINA-MickaelChavet-3891-1-1900x1267.jpg 1900w, https:\/\/www.dinardfestivaldufilm.fr\/wp-content\/uploads\/2025\/10\/ENT-25-DINARD-20251004-BlindTestINA-MickaelChavet-3891-1-1960x1307.jpg 1960w, https:\/\/www.dinardfestivaldufilm.fr\/wp-content\/uploads\/2025\/10\/ENT-25-DINARD-20251004-BlindTestINA-MickaelChavet-3891-1-1400x933.jpg 1400w, https:\/\/www.dinardfestivaldufilm.fr\/wp-content\/uploads\/2025\/10\/ENT-25-DINARD-20251004-BlindTestINA-MickaelChavet-3891-1-798x532.jpg 798w, https:\/\/www.dinardfestivaldufilm.fr\/wp-content\/uploads\/2025\/10\/ENT-25-DINARD-20251004-BlindTestINA-MickaelChavet-3891-1-1596x1064.jpg 1596w\" sizes=\"auto, (max-width: 1024px) 100vw, 1024px\" \/><\/figure>\n\n\n\n<figure class=\"wp-block-image size-large\"><img loading=\"lazy\" decoding=\"async\" width=\"1024\" height=\"763\" data-id=\"6750\" src=\"https:\/\/www.dinardfestivaldufilm.fr\/wp-content\/uploads\/2025\/10\/ENT-25-DINARD-20251004-BlindTestINA-MickaelChavet-3868-1-1024x763.jpg\" alt=\"\" class=\"wp-image-6750\" srcset=\"https:\/\/www.dinardfestivaldufilm.fr\/wp-content\/uploads\/2025\/10\/ENT-25-DINARD-20251004-BlindTestINA-MickaelChavet-3868-1-1024x763.jpg 1024w, https:\/\/www.dinardfestivaldufilm.fr\/wp-content\/uploads\/2025\/10\/ENT-25-DINARD-20251004-BlindTestINA-MickaelChavet-3868-1-300x224.jpg 300w, https:\/\/www.dinardfestivaldufilm.fr\/wp-content\/uploads\/2025\/10\/ENT-25-DINARD-20251004-BlindTestINA-MickaelChavet-3868-1-768x573.jpg 768w, https:\/\/www.dinardfestivaldufilm.fr\/wp-content\/uploads\/2025\/10\/ENT-25-DINARD-20251004-BlindTestINA-MickaelChavet-3868-1-1536x1145.jpg 1536w, https:\/\/www.dinardfestivaldufilm.fr\/wp-content\/uploads\/2025\/10\/ENT-25-DINARD-20251004-BlindTestINA-MickaelChavet-3868-1-2048x1527.jpg 2048w, https:\/\/www.dinardfestivaldufilm.fr\/wp-content\/uploads\/2025\/10\/ENT-25-DINARD-20251004-BlindTestINA-MickaelChavet-3868-1-150x112.jpg 150w, https:\/\/www.dinardfestivaldufilm.fr\/wp-content\/uploads\/2025\/10\/ENT-25-DINARD-20251004-BlindTestINA-MickaelChavet-3868-1-1900x1417.jpg 1900w, https:\/\/www.dinardfestivaldufilm.fr\/wp-content\/uploads\/2025\/10\/ENT-25-DINARD-20251004-BlindTestINA-MickaelChavet-3868-1-1960x1461.jpg 1960w, https:\/\/www.dinardfestivaldufilm.fr\/wp-content\/uploads\/2025\/10\/ENT-25-DINARD-20251004-BlindTestINA-MickaelChavet-3868-1-1400x1044.jpg 1400w, https:\/\/www.dinardfestivaldufilm.fr\/wp-content\/uploads\/2025\/10\/ENT-25-DINARD-20251004-BlindTestINA-MickaelChavet-3868-1-798x595.jpg 798w, https:\/\/www.dinardfestivaldufilm.fr\/wp-content\/uploads\/2025\/10\/ENT-25-DINARD-20251004-BlindTestINA-MickaelChavet-3868-1-1596x1190.jpg 1596w\" sizes=\"auto, (max-width: 1024px) 100vw, 1024px\" \/><\/figure>\n<figcaption class=\"blocks-gallery-caption wp-element-caption\"><strong>\u00a9<\/strong>Mickael Chavet<\/figcaption><\/figure>\n\n\n\n<p><\/p>\n\n\n\n<p><\/p>\n\n\n\n<p style=\"font-size:50px\"><strong>CRAFT ACTIVITIES<\/strong><\/p>\n\n\n\n<p style=\"font-size:20px\"><em>in partnership with Cultura<\/em><\/p>\n\n\n\n<figure class=\"wp-block-image size-large is-resized\"><img loading=\"lazy\" decoding=\"async\" width=\"1024\" height=\"412\" src=\"https:\/\/www.dinardfestivaldufilm.fr\/wp-content\/uploads\/2024\/09\/logo-cultura-2019-as-d-rvb-1024x412.jpg\" alt=\"\" class=\"wp-image-5678\" style=\"width:219px;height:auto\" srcset=\"https:\/\/www.dinardfestivaldufilm.fr\/wp-content\/uploads\/2024\/09\/logo-cultura-2019-as-d-rvb-1024x412.jpg 1024w, https:\/\/www.dinardfestivaldufilm.fr\/wp-content\/uploads\/2024\/09\/logo-cultura-2019-as-d-rvb-300x121.jpg 300w, https:\/\/www.dinardfestivaldufilm.fr\/wp-content\/uploads\/2024\/09\/logo-cultura-2019-as-d-rvb-768x309.jpg 768w\" sizes=\"auto, (max-width: 1024px) 100vw, 1024px\" \/><\/figure>\n\n\n\n<p style=\"font-size:20px\">On Sunday, 5 October at 2 p.m. at the Palais des Arts et du Festival&#8217;s bar, Cultura met with the young audience of the festival for a creative afternoon! <\/p>\n\n\n\n<p><\/p>\n\n\n\n<figure class=\"wp-block-gallery has-nested-images columns-default is-cropped wp-block-gallery-4 is-layout-flex wp-block-gallery-is-layout-flex\">\n<figure class=\"wp-block-image size-large\"><img loading=\"lazy\" decoding=\"async\" width=\"1024\" height=\"768\" data-id=\"6751\" src=\"https:\/\/www.dinardfestivaldufilm.fr\/wp-content\/uploads\/2025\/10\/Dimanche-5-oct.-Atelier-Cultura-3\u00a9Jean-Enders-1-1024x768.jpg\" alt=\"\" class=\"wp-image-6751\" srcset=\"https:\/\/www.dinardfestivaldufilm.fr\/wp-content\/uploads\/2025\/10\/Dimanche-5-oct.-Atelier-Cultura-3\u00a9Jean-Enders-1-1024x768.jpg 1024w, https:\/\/www.dinardfestivaldufilm.fr\/wp-content\/uploads\/2025\/10\/Dimanche-5-oct.-Atelier-Cultura-3\u00a9Jean-Enders-1-300x225.jpg 300w, https:\/\/www.dinardfestivaldufilm.fr\/wp-content\/uploads\/2025\/10\/Dimanche-5-oct.-Atelier-Cultura-3\u00a9Jean-Enders-1-768x576.jpg 768w, https:\/\/www.dinardfestivaldufilm.fr\/wp-content\/uploads\/2025\/10\/Dimanche-5-oct.-Atelier-Cultura-3\u00a9Jean-Enders-1-1536x1152.jpg 1536w, https:\/\/www.dinardfestivaldufilm.fr\/wp-content\/uploads\/2025\/10\/Dimanche-5-oct.-Atelier-Cultura-3\u00a9Jean-Enders-1-2048x1536.jpg 2048w, https:\/\/www.dinardfestivaldufilm.fr\/wp-content\/uploads\/2025\/10\/Dimanche-5-oct.-Atelier-Cultura-3\u00a9Jean-Enders-1-150x113.jpg 150w, https:\/\/www.dinardfestivaldufilm.fr\/wp-content\/uploads\/2025\/10\/Dimanche-5-oct.-Atelier-Cultura-3\u00a9Jean-Enders-1-1900x1425.jpg 1900w, https:\/\/www.dinardfestivaldufilm.fr\/wp-content\/uploads\/2025\/10\/Dimanche-5-oct.-Atelier-Cultura-3\u00a9Jean-Enders-1-1200x900.jpg 1200w, https:\/\/www.dinardfestivaldufilm.fr\/wp-content\/uploads\/2025\/10\/Dimanche-5-oct.-Atelier-Cultura-3\u00a9Jean-Enders-1-800x600.jpg 800w, https:\/\/www.dinardfestivaldufilm.fr\/wp-content\/uploads\/2025\/10\/Dimanche-5-oct.-Atelier-Cultura-3\u00a9Jean-Enders-1-1600x1200.jpg 1600w, https:\/\/www.dinardfestivaldufilm.fr\/wp-content\/uploads\/2025\/10\/Dimanche-5-oct.-Atelier-Cultura-3\u00a9Jean-Enders-1-1960x1470.jpg 1960w, https:\/\/www.dinardfestivaldufilm.fr\/wp-content\/uploads\/2025\/10\/Dimanche-5-oct.-Atelier-Cultura-3\u00a9Jean-Enders-1-1400x1050.jpg 1400w, https:\/\/www.dinardfestivaldufilm.fr\/wp-content\/uploads\/2025\/10\/Dimanche-5-oct.-Atelier-Cultura-3\u00a9Jean-Enders-1-798x599.jpg 798w, https:\/\/www.dinardfestivaldufilm.fr\/wp-content\/uploads\/2025\/10\/Dimanche-5-oct.-Atelier-Cultura-3\u00a9Jean-Enders-1-1596x1197.jpg 1596w\" sizes=\"auto, (max-width: 1024px) 100vw, 1024px\" \/><\/figure>\n\n\n\n<figure class=\"wp-block-image size-large\"><img loading=\"lazy\" decoding=\"async\" width=\"1024\" height=\"683\" data-id=\"6753\" src=\"https:\/\/www.dinardfestivaldufilm.fr\/wp-content\/uploads\/2025\/10\/Dimanche-5-oct.-Atelier-Cultura-1\u00a9Jean-Enders-1-1024x683.jpg\" alt=\"\" class=\"wp-image-6753\" srcset=\"https:\/\/www.dinardfestivaldufilm.fr\/wp-content\/uploads\/2025\/10\/Dimanche-5-oct.-Atelier-Cultura-1\u00a9Jean-Enders-1-1024x683.jpg 1024w, https:\/\/www.dinardfestivaldufilm.fr\/wp-content\/uploads\/2025\/10\/Dimanche-5-oct.-Atelier-Cultura-1\u00a9Jean-Enders-1-300x200.jpg 300w, https:\/\/www.dinardfestivaldufilm.fr\/wp-content\/uploads\/2025\/10\/Dimanche-5-oct.-Atelier-Cultura-1\u00a9Jean-Enders-1-768x512.jpg 768w, https:\/\/www.dinardfestivaldufilm.fr\/wp-content\/uploads\/2025\/10\/Dimanche-5-oct.-Atelier-Cultura-1\u00a9Jean-Enders-1-1536x1024.jpg 1536w, https:\/\/www.dinardfestivaldufilm.fr\/wp-content\/uploads\/2025\/10\/Dimanche-5-oct.-Atelier-Cultura-1\u00a9Jean-Enders-1-2048x1365.jpg 2048w, https:\/\/www.dinardfestivaldufilm.fr\/wp-content\/uploads\/2025\/10\/Dimanche-5-oct.-Atelier-Cultura-1\u00a9Jean-Enders-1-150x100.jpg 150w, https:\/\/www.dinardfestivaldufilm.fr\/wp-content\/uploads\/2025\/10\/Dimanche-5-oct.-Atelier-Cultura-1\u00a9Jean-Enders-1-1900x1267.jpg 1900w, https:\/\/www.dinardfestivaldufilm.fr\/wp-content\/uploads\/2025\/10\/Dimanche-5-oct.-Atelier-Cultura-1\u00a9Jean-Enders-1-1960x1307.jpg 1960w, https:\/\/www.dinardfestivaldufilm.fr\/wp-content\/uploads\/2025\/10\/Dimanche-5-oct.-Atelier-Cultura-1\u00a9Jean-Enders-1-1400x933.jpg 1400w, https:\/\/www.dinardfestivaldufilm.fr\/wp-content\/uploads\/2025\/10\/Dimanche-5-oct.-Atelier-Cultura-1\u00a9Jean-Enders-1-798x532.jpg 798w, https:\/\/www.dinardfestivaldufilm.fr\/wp-content\/uploads\/2025\/10\/Dimanche-5-oct.-Atelier-Cultura-1\u00a9Jean-Enders-1-1596x1064.jpg 1596w\" sizes=\"auto, (max-width: 1024px) 100vw, 1024px\" \/><\/figure>\n\n\n\n<figure class=\"wp-block-image size-large\"><img loading=\"lazy\" decoding=\"async\" width=\"1024\" height=\"683\" data-id=\"6752\" src=\"https:\/\/www.dinardfestivaldufilm.fr\/wp-content\/uploads\/2025\/10\/Dimanche-5-oct.-Atelier-Cultura-2\u00a9Jean-Enders-1-1024x683.jpg\" alt=\"\" class=\"wp-image-6752\" srcset=\"https:\/\/www.dinardfestivaldufilm.fr\/wp-content\/uploads\/2025\/10\/Dimanche-5-oct.-Atelier-Cultura-2\u00a9Jean-Enders-1-1024x683.jpg 1024w, https:\/\/www.dinardfestivaldufilm.fr\/wp-content\/uploads\/2025\/10\/Dimanche-5-oct.-Atelier-Cultura-2\u00a9Jean-Enders-1-300x200.jpg 300w, https:\/\/www.dinardfestivaldufilm.fr\/wp-content\/uploads\/2025\/10\/Dimanche-5-oct.-Atelier-Cultura-2\u00a9Jean-Enders-1-768x512.jpg 768w, https:\/\/www.dinardfestivaldufilm.fr\/wp-content\/uploads\/2025\/10\/Dimanche-5-oct.-Atelier-Cultura-2\u00a9Jean-Enders-1-1536x1024.jpg 1536w, https:\/\/www.dinardfestivaldufilm.fr\/wp-content\/uploads\/2025\/10\/Dimanche-5-oct.-Atelier-Cultura-2\u00a9Jean-Enders-1-2048x1365.jpg 2048w, https:\/\/www.dinardfestivaldufilm.fr\/wp-content\/uploads\/2025\/10\/Dimanche-5-oct.-Atelier-Cultura-2\u00a9Jean-Enders-1-150x100.jpg 150w, https:\/\/www.dinardfestivaldufilm.fr\/wp-content\/uploads\/2025\/10\/Dimanche-5-oct.-Atelier-Cultura-2\u00a9Jean-Enders-1-1900x1267.jpg 1900w, https:\/\/www.dinardfestivaldufilm.fr\/wp-content\/uploads\/2025\/10\/Dimanche-5-oct.-Atelier-Cultura-2\u00a9Jean-Enders-1-1960x1307.jpg 1960w, https:\/\/www.dinardfestivaldufilm.fr\/wp-content\/uploads\/2025\/10\/Dimanche-5-oct.-Atelier-Cultura-2\u00a9Jean-Enders-1-1400x933.jpg 1400w, https:\/\/www.dinardfestivaldufilm.fr\/wp-content\/uploads\/2025\/10\/Dimanche-5-oct.-Atelier-Cultura-2\u00a9Jean-Enders-1-798x532.jpg 798w, https:\/\/www.dinardfestivaldufilm.fr\/wp-content\/uploads\/2025\/10\/Dimanche-5-oct.-Atelier-Cultura-2\u00a9Jean-Enders-1-1596x1064.jpg 1596w\" sizes=\"auto, (max-width: 1024px) 100vw, 1024px\" \/><\/figure>\n<figcaption class=\"blocks-gallery-caption wp-element-caption\"><strong>\u00a9<\/strong>Jean Enders<\/figcaption><\/figure>\n\n\n\n<p><\/p>","protected":false},"excerpt":{"rendered":"<p>STOP MOTION by H\u00e9lo\u00efse Ferlay The technique of stopmotion, or volume animation, consists of briging movement to real, yet inanimated objects. Although simple in principle, this method of film-making continues to fascinate audiences, as objects that come to life always seem a little magical. H\u00e9lo\u00efse Ferlay, a director from Rennes, invites you yo discover the [&hellip;]<\/p>\n","protected":false},"author":9,"featured_media":0,"parent":0,"menu_order":0,"comment_status":"closed","ping_status":"closed","template":"","meta":{"page_wide_toggle":"","page_dark_toggle":"","_coblocks_attr":"","_coblocks_dimensions":"","_coblocks_responsive_height":"","_coblocks_accordion_ie_support":"","_waff_bg_color_metafield":"","hide_page_title":"","footnotes":""},"class_list":["post-6494","page","type-page","status-publish","hentry"],"_links":{"self":[{"href":"https:\/\/www.dinardfestivaldufilm.fr\/en\/wp-json\/wp\/v2\/pages\/6494","targetHints":{"allow":["GET"]}}],"collection":[{"href":"https:\/\/www.dinardfestivaldufilm.fr\/en\/wp-json\/wp\/v2\/pages"}],"about":[{"href":"https:\/\/www.dinardfestivaldufilm.fr\/en\/wp-json\/wp\/v2\/types\/page"}],"author":[{"embeddable":true,"href":"https:\/\/www.dinardfestivaldufilm.fr\/en\/wp-json\/wp\/v2\/users\/9"}],"replies":[{"embeddable":true,"href":"https:\/\/www.dinardfestivaldufilm.fr\/en\/wp-json\/wp\/v2\/comments?post=6494"}],"version-history":[{"count":5,"href":"https:\/\/www.dinardfestivaldufilm.fr\/en\/wp-json\/wp\/v2\/pages\/6494\/revisions"}],"predecessor-version":[{"id":6754,"href":"https:\/\/www.dinardfestivaldufilm.fr\/en\/wp-json\/wp\/v2\/pages\/6494\/revisions\/6754"}],"wp:attachment":[{"href":"https:\/\/www.dinardfestivaldufilm.fr\/en\/wp-json\/wp\/v2\/media?parent=6494"}],"curies":[{"name":"wp","href":"https:\/\/api.w.org\/{rel}","templated":true}]}}