{"id":5137,"date":"2024-08-16T16:12:02","date_gmt":"2024-08-16T14:12:02","guid":{"rendered":"https:\/\/www.dinardfestivaldufilm.fr\/?page_id=5137"},"modified":"2024-10-21T15:48:28","modified_gmt":"2024-10-21T13:48:28","slug":"prix-ouest-france-talent-de-demain","status":"publish","type":"page","link":"https:\/\/www.dinardfestivaldufilm.fr\/en\/prix-ouest-france-talent-de-demain\/","title":{"rendered":"Prize Ouest-France &#8211; Talent of Tomorow"},"content":{"rendered":"<div class=\"wp-block-image\">\n<figure class=\"aligncenter size-large is-resized\"><img loading=\"lazy\" decoding=\"async\" width=\"1024\" height=\"682\" src=\"https:\/\/www.dinardfestivaldufilm.fr\/wp-content\/uploads\/2024\/08\/OUEST-FRANCE-TALENTS-OF-TOMORROW-copie-1024x682.jpg\" alt=\"\" class=\"wp-image-5245\" style=\"width:434px;height:auto\" srcset=\"https:\/\/www.dinardfestivaldufilm.fr\/wp-content\/uploads\/2024\/08\/OUEST-FRANCE-TALENTS-OF-TOMORROW-copie-1024x682.jpg 1024w, https:\/\/www.dinardfestivaldufilm.fr\/wp-content\/uploads\/2024\/08\/OUEST-FRANCE-TALENTS-OF-TOMORROW-copie-300x200.jpg 300w, https:\/\/www.dinardfestivaldufilm.fr\/wp-content\/uploads\/2024\/08\/OUEST-FRANCE-TALENTS-OF-TOMORROW-copie-768x512.jpg 768w, https:\/\/www.dinardfestivaldufilm.fr\/wp-content\/uploads\/2024\/08\/OUEST-FRANCE-TALENTS-OF-TOMORROW-copie-1536x1024.jpg 1536w, https:\/\/www.dinardfestivaldufilm.fr\/wp-content\/uploads\/2024\/08\/OUEST-FRANCE-TALENTS-OF-TOMORROW-copie-150x100.jpg 150w, https:\/\/www.dinardfestivaldufilm.fr\/wp-content\/uploads\/2024\/08\/OUEST-FRANCE-TALENTS-OF-TOMORROW-copie-1400x933.jpg 1400w, https:\/\/www.dinardfestivaldufilm.fr\/wp-content\/uploads\/2024\/08\/OUEST-FRANCE-TALENTS-OF-TOMORROW-copie-798x532.jpg 798w, https:\/\/www.dinardfestivaldufilm.fr\/wp-content\/uploads\/2024\/08\/OUEST-FRANCE-TALENTS-OF-TOMORROW-copie-1596x1064.jpg 1596w, https:\/\/www.dinardfestivaldufilm.fr\/wp-content\/uploads\/2024\/08\/OUEST-FRANCE-TALENTS-OF-TOMORROW-copie.jpg 1772w\" sizes=\"auto, (max-width: 1024px) 100vw, 1024px\" \/><\/figure>\n<\/div>\n\n\n<p class=\"has-text-align-center has-custom-lineheight has-custom-letterspacing\" style=\"line-height:2;letter-spacing:3px;font-size:50px\"><strong>IN CAMERA<\/strong><\/p>\n\n\n\n<p class=\"has-text-align-center has-custom-lineheight has-custom-letterspacing\" style=\"line-height:2;letter-spacing:3px;font-size:50px\">Naqqash Khalid<\/p>\n\n\n\n<div class=\"wp-block-media-text is-stacked-on-mobile\" style=\"grid-template-columns:36% auto\"><figure class=\"wp-block-media-text__media\"><img loading=\"lazy\" decoding=\"async\" width=\"691\" height=\"1024\" src=\"https:\/\/www.dinardfestivaldufilm.fr\/wp-content\/uploads\/2024\/08\/InCamera_1SHEET_SML-1-691x1024.jpg\" alt=\"\" class=\"wp-image-5187 size-full\" srcset=\"https:\/\/www.dinardfestivaldufilm.fr\/wp-content\/uploads\/2024\/08\/InCamera_1SHEET_SML-1-691x1024.jpg 691w, https:\/\/www.dinardfestivaldufilm.fr\/wp-content\/uploads\/2024\/08\/InCamera_1SHEET_SML-1-203x300.jpg 203w, https:\/\/www.dinardfestivaldufilm.fr\/wp-content\/uploads\/2024\/08\/InCamera_1SHEET_SML-1-768x1138.jpg 768w, https:\/\/www.dinardfestivaldufilm.fr\/wp-content\/uploads\/2024\/08\/InCamera_1SHEET_SML-1-1037x1536.jpg 1037w, https:\/\/www.dinardfestivaldufilm.fr\/wp-content\/uploads\/2024\/08\/InCamera_1SHEET_SML-1-150x222.jpg 150w, https:\/\/www.dinardfestivaldufilm.fr\/wp-content\/uploads\/2024\/08\/InCamera_1SHEET_SML-1-798x1182.jpg 798w, https:\/\/www.dinardfestivaldufilm.fr\/wp-content\/uploads\/2024\/08\/InCamera_1SHEET_SML-1.jpg 1080w\" sizes=\"auto, (max-width: 691px) 100vw, 691px\" \/><\/figure><div class=\"wp-block-media-text__content\">\n<p class=\"has-oswald-font-family has-custom-font has-custom-letterspacing\" style=\"font-family:Oswald;letter-spacing:2px;font-size:34px\">R\u00e9sum\u00e9\/ Summary <\/p>\n\n\n\n<p class=\"has-oswald-font-family has-custom-font has-custom-lineheight has-custom-letterspacing\" style=\"font-family:Oswald;line-height:1.5;letter-spacing:1px;font-size:22px\">Aden, la vingtaine, n&#8217;a qu&#8217;une ambition dans la vie : devenir acteur. Il passe le plus clair de son temps \u00e0 tourner des vid\u00e9os et \u00e0 postuler pour des r\u00f4les qu&#8217;il n&#8217;obtient jamais. Apr\u00e8s une s\u00e9rie d&#8217;auditions catastrophiques et infructueuses, il a une id\u00e9e radicale : il se chargera de trouver le r\u00f4le qu&#8217;il veut jouer. In Camera examine \u00e0 la fois l&#8217;\u00e9thique douteuse du monde de la publicit\u00e9 et le concept de l&#8217;identit\u00e9 plurielle avec un ton critique, sans r\u00e9sister \u00e0 la tentation de surprendre quelque peu le spectateur.<\/p>\n\n\n\n<p class=\"has-oswald-font-family has-custom-font has-custom-lineheight has-custom-letterspacing\" style=\"font-family:Oswald;line-height:1.5;letter-spacing:1px;font-size:22px\"><br>20-something Aden\u2019s only ambition in life is to become an actor. Most of his time is spent making videos as he applies for roles he\u2019ll never get. After a string of dreadful and unsuccessful auditions, he comes up with a radical move: he will take full agency for finding the role that he wants to play. In Camera examines both the questionable commercial work ethic and the multilayered concept of identity with a critical tone, without resisting the temptation to tease the viewer a little.<\/p>\n\n\n\n<p><\/p>\n<\/div><\/div>\n\n\n\n<hr class=\"wp-block-coblocks-dynamic-separator is-style-line\" style=\"height:50px\"\/>\n\n\n\n<p><\/p>\n\n\n\n<div class=\"wp-block-media-text has-media-on-the-right is-stacked-on-mobile\" style=\"grid-template-columns:auto 44%\"><div class=\"wp-block-media-text__content\">\n<p class=\"has-montserrat-font-family has-custom-font\" style=\"font-family:Montserrat;font-size:22px\"><strong>Naqqash Khalid <\/strong>is a writer\/director from Manchester. He has directed several short films including, \u201c<em>Stock<\/em>\u201d which was commissioned for television and premiered in 2019 as part of Sky&#8217;s Post-Brexits series, \u201cArt50\u201d. His previous short films have been supported by Sky, BBC Arts and Arts Council England. Naqqash is currently adapting Boris Vian&#8217;s <em>The Empire Builders<\/em> as a four-part limited series.<\/p>\n<\/div><figure class=\"wp-block-media-text__media\"><img loading=\"lazy\" decoding=\"async\" width=\"854\" height=\"579\" src=\"https:\/\/www.dinardfestivaldufilm.fr\/wp-content\/uploads\/2024\/08\/Naqqash_Khalid-1.jpg\" alt=\"\" class=\"wp-image-5142 size-full\" srcset=\"https:\/\/www.dinardfestivaldufilm.fr\/wp-content\/uploads\/2024\/08\/Naqqash_Khalid-1.jpg 854w, https:\/\/www.dinardfestivaldufilm.fr\/wp-content\/uploads\/2024\/08\/Naqqash_Khalid-1-300x203.jpg 300w, https:\/\/www.dinardfestivaldufilm.fr\/wp-content\/uploads\/2024\/08\/Naqqash_Khalid-1-768x521.jpg 768w, https:\/\/www.dinardfestivaldufilm.fr\/wp-content\/uploads\/2024\/08\/Naqqash_Khalid-1-150x102.jpg 150w, https:\/\/www.dinardfestivaldufilm.fr\/wp-content\/uploads\/2024\/08\/Naqqash_Khalid-1-798x541.jpg 798w\" sizes=\"auto, (max-width: 854px) 100vw, 854px\" \/><\/figure><\/div>\n\n\n\n<p><\/p>","protected":false},"excerpt":{"rendered":"<p>IN CAMERA Naqqash Khalid R\u00e9sum\u00e9\/ Summary Aden, la vingtaine, n&#8217;a qu&#8217;une ambition dans la vie : devenir acteur. Il passe le plus clair de son temps \u00e0 tourner des vid\u00e9os et \u00e0 postuler pour des r\u00f4les qu&#8217;il n&#8217;obtient jamais. Apr\u00e8s une s\u00e9rie d&#8217;auditions catastrophiques et infructueuses, il a une id\u00e9e radicale : il se chargera [&hellip;]<\/p>\n","protected":false},"author":9,"featured_media":5103,"parent":0,"menu_order":0,"comment_status":"closed","ping_status":"closed","template":"","meta":{"page_wide_toggle":"","page_dark_toggle":"","_coblocks_attr":"Oswald,Montserrat,Oswald","_coblocks_dimensions":"","_coblocks_responsive_height":"","_coblocks_accordion_ie_support":"","_waff_bg_color_metafield":"","hide_page_title":"","footnotes":""},"class_list":["post-5137","page","type-page","status-publish","has-post-thumbnail","hentry"],"_links":{"self":[{"href":"https:\/\/www.dinardfestivaldufilm.fr\/en\/wp-json\/wp\/v2\/pages\/5137","targetHints":{"allow":["GET"]}}],"collection":[{"href":"https:\/\/www.dinardfestivaldufilm.fr\/en\/wp-json\/wp\/v2\/pages"}],"about":[{"href":"https:\/\/www.dinardfestivaldufilm.fr\/en\/wp-json\/wp\/v2\/types\/page"}],"author":[{"embeddable":true,"href":"https:\/\/www.dinardfestivaldufilm.fr\/en\/wp-json\/wp\/v2\/users\/9"}],"replies":[{"embeddable":true,"href":"https:\/\/www.dinardfestivaldufilm.fr\/en\/wp-json\/wp\/v2\/comments?post=5137"}],"version-history":[{"count":6,"href":"https:\/\/www.dinardfestivaldufilm.fr\/en\/wp-json\/wp\/v2\/pages\/5137\/revisions"}],"predecessor-version":[{"id":5879,"href":"https:\/\/www.dinardfestivaldufilm.fr\/en\/wp-json\/wp\/v2\/pages\/5137\/revisions\/5879"}],"wp:featuredmedia":[{"embeddable":true,"href":"https:\/\/www.dinardfestivaldufilm.fr\/en\/wp-json\/wp\/v2\/media\/5103"}],"wp:attachment":[{"href":"https:\/\/www.dinardfestivaldufilm.fr\/en\/wp-json\/wp\/v2\/media?parent=5137"}],"curies":[{"name":"wp","href":"https:\/\/api.w.org\/{rel}","templated":true}]}}